{"id":937,"date":"2020-11-25T17:49:25","date_gmt":"2020-11-25T17:49:25","guid":{"rendered":"https:\/\/ratio.edu.br\/?page_id=937"},"modified":"2022-09-20T13:39:24","modified_gmt":"2022-09-20T13:39:24","slug":"sobre-nos","status":"publish","type":"page","link":"https:\/\/ratio.edu.br\/?page_id=937","title":{"rendered":"Sobre N\u00f3s"},"content":{"rendered":"\t\t<div data-elementor-type=\"wp-page\" data-elementor-id=\"937\" class=\"elementor elementor-937\" data-elementor-post-type=\"page\">\n\t\t\t\t\t\t<section class=\"elementor-section elementor-top-section elementor-element elementor-element-e13b9d1 elementor-section-full_width elementor-section-stretched elementor-section-height-default elementor-section-height-default\" data-id=\"e13b9d1\" data-element_type=\"section\" data-e-type=\"section\" data-settings=\"{&quot;stretch_section&quot;:&quot;section-stretched&quot;}\">\n\t\t\t\t\t\t<div class=\"elementor-container elementor-column-gap-default\">\n\t\t\t\t\t<div class=\"elementor-column elementor-col-100 elementor-top-column elementor-element elementor-element-6fbc6f5\" data-id=\"6fbc6f5\" data-element_type=\"column\" data-e-type=\"column\">\n\t\t\t<div class=\"elementor-widget-wrap elementor-element-populated\">\n\t\t\t\t\t\t<div class=\"elementor-element elementor-element-f210b2f elementor--h-position-center elementor--v-position-middle elementor-arrows-position-inside elementor-pagination-position-inside elementor-widget elementor-widget-slides\" data-id=\"f210b2f\" data-element_type=\"widget\" data-e-type=\"widget\" data-settings=\"{&quot;navigation&quot;:&quot;both&quot;,&quot;autoplay&quot;:&quot;yes&quot;,&quot;pause_on_hover&quot;:&quot;yes&quot;,&quot;pause_on_interaction&quot;:&quot;yes&quot;,&quot;autoplay_speed&quot;:5000,&quot;infinite&quot;:&quot;yes&quot;,&quot;transition&quot;:&quot;slide&quot;,&quot;transition_speed&quot;:500}\" data-widget_type=\"slides.default\">\n\t\t\t\t<div class=\"elementor-widget-container\">\n\t\t\t\t\t\t\t\t\t<div class=\"elementor-swiper\">\n\t\t\t\t\t<div class=\"elementor-slides-wrapper elementor-main-swiper swiper\" role=\"region\" aria-roledescription=\"carousel\" aria-label=\"Slides\" dir=\"ltr\" data-animation=\"fadeInUp\">\n\t\t\t\t<div class=\"swiper-wrapper elementor-slides\">\n\t\t\t\t\t\t\t\t\t\t<div class=\"elementor-repeater-item-89e9942 swiper-slide\" role=\"group\" aria-roledescription=\"slide\"><div class=\"swiper-slide-bg\" role=\"img\" aria-label=\"Banner_Conhe\u00e7a a Ratio\"><\/div><div class=\"swiper-slide-inner\" ><div class=\"swiper-slide-contents\"><\/div><\/div><\/div>\t\t\t\t<\/div>\n\t\t\t\t\t\t\t<\/div>\n\t\t\t\t<\/div>\n\t\t\t\t\t\t\t\t<\/div>\n\t\t\t\t<\/div>\n\t\t\t\t\t<\/div>\n\t\t<\/div>\n\t\t\t\t\t<\/div>\n\t\t<\/section>\n\t\t\t\t<section class=\"elementor-section elementor-top-section elementor-element elementor-element-38e1330 elementor-section-stretched elementor-section-boxed elementor-section-height-default elementor-section-height-default\" data-id=\"38e1330\" data-element_type=\"section\" data-e-type=\"section\" data-settings=\"{&quot;stretch_section&quot;:&quot;section-stretched&quot;}\">\n\t\t\t\t\t\t<div class=\"elementor-container elementor-column-gap-default\">\n\t\t\t\t\t<div class=\"elementor-column elementor-col-100 elementor-top-column elementor-element elementor-element-d79ba31\" data-id=\"d79ba31\" data-element_type=\"column\" data-e-type=\"column\">\n\t\t\t<div class=\"elementor-widget-wrap elementor-element-populated\">\n\t\t\t\t\t\t<div class=\"elementor-element elementor-element-ae040cc elementor-widget elementor-widget-heading\" data-id=\"ae040cc\" data-element_type=\"widget\" data-e-type=\"widget\" data-widget_type=\"heading.default\">\n\t\t\t\t<div class=\"elementor-widget-container\">\n\t\t\t\t\t<h2 class=\"elementor-heading-title elementor-size-default\">Sobre N\u00f3s<\/h2>\t\t\t\t<\/div>\n\t\t\t\t<\/div>\n\t\t\t\t<div class=\"elementor-element elementor-element-1cc356a elementor-widget-divider--view-line elementor-widget elementor-widget-divider\" data-id=\"1cc356a\" data-element_type=\"widget\" data-e-type=\"widget\" data-widget_type=\"divider.default\">\n\t\t\t\t<div class=\"elementor-widget-container\">\n\t\t\t\t\t\t\t<div class=\"elementor-divider\">\n\t\t\t<span class=\"elementor-divider-separator\">\n\t\t\t\t\t\t<\/span>\n\t\t<\/div>\n\t\t\t\t\t\t<\/div>\n\t\t\t\t<\/div>\n\t\t\t\t<section class=\"elementor-section elementor-inner-section elementor-element elementor-element-656c93b elementor-section-boxed elementor-section-height-default elementor-section-height-default\" data-id=\"656c93b\" data-element_type=\"section\" data-e-type=\"section\">\n\t\t\t\t\t\t<div class=\"elementor-container elementor-column-gap-default\">\n\t\t\t\t\t<div class=\"elementor-column elementor-col-33 elementor-inner-column elementor-element elementor-element-b596e11\" data-id=\"b596e11\" data-element_type=\"column\" data-e-type=\"column\">\n\t\t\t<div class=\"elementor-widget-wrap elementor-element-populated\">\n\t\t\t\t\t\t<div class=\"elementor-element elementor-element-b65df83 elementor-widget elementor-widget-image\" data-id=\"b65df83\" data-element_type=\"widget\" data-e-type=\"widget\" data-widget_type=\"image.default\">\n\t\t\t\t<div class=\"elementor-widget-container\">\n\t\t\t\t\t\t\t\t\t\t\t\t\t\t\t<img fetchpriority=\"high\" decoding=\"async\" width=\"560\" height=\"240\" src=\"https:\/\/ratio.edu.br\/wp-content\/uploads\/2020\/11\/ratio_1.jpg\" class=\"attachment-large size-large wp-image-902\" alt=\"\" srcset=\"https:\/\/ratio.edu.br\/wp-content\/uploads\/2020\/11\/ratio_1.jpg 560w, https:\/\/ratio.edu.br\/wp-content\/uploads\/2020\/11\/ratio_1-300x129.jpg 300w, https:\/\/ratio.edu.br\/wp-content\/uploads\/2020\/11\/ratio_1-260x111.jpg 260w, https:\/\/ratio.edu.br\/wp-content\/uploads\/2020\/11\/ratio_1-50x21.jpg 50w, https:\/\/ratio.edu.br\/wp-content\/uploads\/2020\/11\/ratio_1-150x64.jpg 150w\" sizes=\"(max-width: 560px) 100vw, 560px\" \/>\t\t\t\t\t\t\t\t\t\t\t\t\t\t\t<\/div>\n\t\t\t\t<\/div>\n\t\t\t\t<div class=\"elementor-element elementor-element-ae806fe elementor-widget elementor-widget-heading\" data-id=\"ae806fe\" data-element_type=\"widget\" data-e-type=\"widget\" data-widget_type=\"heading.default\">\n\t\t\t\t<div class=\"elementor-widget-container\">\n\t\t\t\t\t<h2 class=\"elementor-heading-title elementor-size-default\">Miss\u00e3o<\/h2>\t\t\t\t<\/div>\n\t\t\t\t<\/div>\n\t\t\t\t<div class=\"elementor-element elementor-element-65b0cf1 elementor-widget elementor-widget-text-editor\" data-id=\"65b0cf1\" data-element_type=\"widget\" data-e-type=\"widget\" data-widget_type=\"text-editor.default\">\n\t\t\t\t<div class=\"elementor-widget-container\">\n\t\t\t\t\t\t\t\t\t<p>A miss\u00e3o da <strong>Faculdade Ratio<\/strong> consiste em promover a educa\u00e7\u00e3o integral de profissionais capacitados, felizes, criativos, \u00e9ticos com esp\u00edrito cr\u00edtico, comprometidos com o autoconhecimento, o desenvolvimento social, cultural, pol\u00edtico e econ\u00f4mico do Cear\u00e1, do Nordeste e do Brasil, com compet\u00eancia para formular, sistematizar e disseminar conhecimentos nos diversos campos do saber, atrav\u00e9s do ensino, da pesquisa e das atividades de extens\u00e3o.<\/p>\t\t\t\t\t\t\t\t<\/div>\n\t\t\t\t<\/div>\n\t\t\t\t\t<\/div>\n\t\t<\/div>\n\t\t\t\t<div class=\"elementor-column elementor-col-33 elementor-inner-column elementor-element elementor-element-70f4e8e\" data-id=\"70f4e8e\" data-element_type=\"column\" data-e-type=\"column\">\n\t\t\t<div class=\"elementor-widget-wrap\">\n\t\t\t\t\t\t\t<\/div>\n\t\t<\/div>\n\t\t\t\t<div class=\"elementor-column elementor-col-33 elementor-inner-column elementor-element elementor-element-0f7267b\" data-id=\"0f7267b\" data-element_type=\"column\" data-e-type=\"column\">\n\t\t\t<div class=\"elementor-widget-wrap elementor-element-populated\">\n\t\t\t\t\t\t<div class=\"elementor-element elementor-element-38cf586 elementor-widget elementor-widget-image\" data-id=\"38cf586\" data-element_type=\"widget\" data-e-type=\"widget\" data-widget_type=\"image.default\">\n\t\t\t\t<div class=\"elementor-widget-container\">\n\t\t\t\t\t\t\t\t\t\t\t\t\t\t\t<img decoding=\"async\" width=\"560\" height=\"240\" src=\"https:\/\/ratio.edu.br\/wp-content\/uploads\/2020\/11\/ratio_3.jpg\" class=\"attachment-large size-large wp-image-904\" alt=\"\" srcset=\"https:\/\/ratio.edu.br\/wp-content\/uploads\/2020\/11\/ratio_3.jpg 560w, https:\/\/ratio.edu.br\/wp-content\/uploads\/2020\/11\/ratio_3-300x129.jpg 300w, https:\/\/ratio.edu.br\/wp-content\/uploads\/2020\/11\/ratio_3-260x111.jpg 260w, https:\/\/ratio.edu.br\/wp-content\/uploads\/2020\/11\/ratio_3-50x21.jpg 50w, https:\/\/ratio.edu.br\/wp-content\/uploads\/2020\/11\/ratio_3-150x64.jpg 150w\" sizes=\"(max-width: 560px) 100vw, 560px\" \/>\t\t\t\t\t\t\t\t\t\t\t\t\t\t\t<\/div>\n\t\t\t\t<\/div>\n\t\t\t\t<div class=\"elementor-element elementor-element-86b63c7 elementor-widget elementor-widget-heading\" data-id=\"86b63c7\" data-element_type=\"widget\" data-e-type=\"widget\" data-widget_type=\"heading.default\">\n\t\t\t\t<div class=\"elementor-widget-container\">\n\t\t\t\t\t<h2 class=\"elementor-heading-title elementor-size-default\">Vis\u00e3o<\/h2>\t\t\t\t<\/div>\n\t\t\t\t<\/div>\n\t\t\t\t<div class=\"elementor-element elementor-element-4cc2d5f elementor-widget elementor-widget-text-editor\" data-id=\"4cc2d5f\" data-element_type=\"widget\" data-e-type=\"widget\" data-widget_type=\"text-editor.default\">\n\t\t\t\t<div class=\"elementor-widget-container\">\n\t\t\t\t\t\t\t\t\t<p>Consciente das desigualdades s\u00f3cio-econ\u00f4micas, dos contrastes regionais e da necessidade de transforma\u00e7\u00e3o e desenvolvimento a partir da educa\u00e7\u00e3o, a <b>Faculdade Ratio<\/b>, at\u00e9 o ano de 2019, tornar-se-\u00e1 uma institui\u00e7\u00e3o de refer\u00eancia na forma\u00e7\u00e3o de profissionais, cumprindo sua miss\u00e3o.<\/p>\t\t\t\t\t\t\t\t<\/div>\n\t\t\t\t<\/div>\n\t\t\t\t\t<\/div>\n\t\t<\/div>\n\t\t\t\t\t<\/div>\n\t\t<\/section>\n\t\t\t\t\t<\/div>\n\t\t<\/div>\n\t\t\t\t\t<\/div>\n\t\t<\/section>\n\t\t\t\t<section class=\"elementor-section elementor-top-section elementor-element elementor-element-40a3cea elementor-section-boxed elementor-section-height-default elementor-section-height-default\" data-id=\"40a3cea\" data-element_type=\"section\" data-e-type=\"section\">\n\t\t\t\t\t\t<div class=\"elementor-container elementor-column-gap-default\">\n\t\t\t\t\t<div class=\"elementor-column elementor-col-100 elementor-top-column elementor-element elementor-element-8dbce9b\" data-id=\"8dbce9b\" data-element_type=\"column\" data-e-type=\"column\">\n\t\t\t<div class=\"elementor-widget-wrap elementor-element-populated\">\n\t\t\t\t\t\t<div class=\"elementor-element elementor-element-d0317f7 elementor-widget elementor-widget-heading\" data-id=\"d0317f7\" data-element_type=\"widget\" data-e-type=\"widget\" data-widget_type=\"heading.default\">\n\t\t\t\t<div class=\"elementor-widget-container\">\n\t\t\t\t\t<h2 class=\"elementor-heading-title elementor-size-default\">Pol\u00edticas de Ensino<\/h2>\t\t\t\t<\/div>\n\t\t\t\t<\/div>\n\t\t\t\t<div class=\"elementor-element elementor-element-b113f26 elementor-widget-divider--view-line elementor-widget elementor-widget-divider\" data-id=\"b113f26\" data-element_type=\"widget\" data-e-type=\"widget\" data-widget_type=\"divider.default\">\n\t\t\t\t<div class=\"elementor-widget-container\">\n\t\t\t\t\t\t\t<div class=\"elementor-divider\">\n\t\t\t<span class=\"elementor-divider-separator\">\n\t\t\t\t\t\t<\/span>\n\t\t<\/div>\n\t\t\t\t\t\t<\/div>\n\t\t\t\t<\/div>\n\t\t\t\t<section class=\"elementor-section elementor-inner-section elementor-element elementor-element-6fcaafc elementor-section-boxed elementor-section-height-default elementor-section-height-default\" data-id=\"6fcaafc\" data-element_type=\"section\" data-e-type=\"section\">\n\t\t\t\t\t\t<div class=\"elementor-container elementor-column-gap-default\">\n\t\t\t\t\t<div class=\"elementor-column elementor-col-50 elementor-inner-column elementor-element elementor-element-c10b50d\" data-id=\"c10b50d\" data-element_type=\"column\" data-e-type=\"column\">\n\t\t\t<div class=\"elementor-widget-wrap elementor-element-populated\">\n\t\t\t\t\t\t<div class=\"elementor-element elementor-element-f86d20f elementor-widget elementor-widget-text-editor\" data-id=\"f86d20f\" data-element_type=\"widget\" data-e-type=\"widget\" data-widget_type=\"text-editor.default\">\n\t\t\t\t<div class=\"elementor-widget-container\">\n\t\t\t\t\t\t\t\t\t<p>As pol\u00edticas de ensino da faculdade Ratio incentivam a produ\u00e7\u00e3o do conhecimento com qualidade, relacionado com seu contexto regional e sem perder de vista a forma\u00e7\u00e3o \u00e9tica e humanizadora. Pode-se destacar a \u00eanfase \u00e0 forma\u00e7\u00e3o generalista com car\u00e1ter problematizador e continuado, que permite o desenvolvimento de seus discentes de modo criativo, multidirecional e engajado socialmente.<\/p><p>Outro aspecto a ser ressaltado \u00e9 a \u00eanfase \u00e0 integra\u00e7\u00e3o durante o percurso da aprendizagem. Esta integra\u00e7\u00e3o se configura a partir de inova\u00e7\u00f5es metodol\u00f3gicas, avalia\u00e7\u00e3o continuada, rela\u00e7\u00f5es teoria pr\u00e1tica e ensino servi\u00e7o, interdisciplinaridade e o incentivo a percursos curriculares mais abertos, contemplando as atividades complementares.<\/p><p>Dessa forma, as pol\u00edticas de ensino assumem os seguintes compromissos gerais:<\/p><p>\u00a0<\/p>\t\t\t\t\t\t\t\t<\/div>\n\t\t\t\t<\/div>\n\t\t\t\t\t<\/div>\n\t\t<\/div>\n\t\t\t\t<div class=\"elementor-column elementor-col-50 elementor-inner-column elementor-element elementor-element-7e1fb5a\" data-id=\"7e1fb5a\" data-element_type=\"column\" data-e-type=\"column\">\n\t\t\t<div class=\"elementor-widget-wrap elementor-element-populated\">\n\t\t\t\t\t\t<div class=\"elementor-element elementor-element-c2f23a0 elementor-widget elementor-widget-text-editor\" data-id=\"c2f23a0\" data-element_type=\"widget\" data-e-type=\"widget\" data-widget_type=\"text-editor.default\">\n\t\t\t\t<div class=\"elementor-widget-container\">\n\t\t\t\t\t\t\t\t\t<p>a) Ampliar o universo de atividades da Faculdade Ratio nas suas v\u00e1rias frentes de atua\u00e7\u00e3o, mediante m\u00e9todos inovadores de participa\u00e7\u00e3o na aprendizagem;<\/p><p>b) Investir paulatinamente em programas de educa\u00e7\u00e3o \u00e0 dist\u00e2ncia;<\/p><p>c) Priorizar a\u00e7\u00f5es acad\u00eamicas relacionadas direta ou indiretamente aos problemas sociais b\u00e1sicos;<\/p><p>d) Incentivar o trabalho interdisciplinar;<\/p><p>e) Desenvolver estudos voltados \u00e0 integra\u00e7\u00e3o dos diferentes n\u00edveis educacionais;<\/p><p>f) Desenvolver estudos transdisciplinares que favore\u00e7am a cria\u00e7\u00e3o e a inova\u00e7\u00e3o no ambiente acad\u00eamico;<\/p><p>g) Estimular o desenvolvimento de a\u00e7\u00f5es relativas \u00e0 educa\u00e7\u00e3o inclusiva.<\/p>\t\t\t\t\t\t\t\t<\/div>\n\t\t\t\t<\/div>\n\t\t\t\t\t<\/div>\n\t\t<\/div>\n\t\t\t\t\t<\/div>\n\t\t<\/section>\n\t\t\t\t\t<\/div>\n\t\t<\/div>\n\t\t\t\t\t<\/div>\n\t\t<\/section>\n\t\t\t\t<section class=\"elementor-section elementor-top-section elementor-element elementor-element-38a7060 elementor-section-boxed elementor-section-height-default elementor-section-height-default\" data-id=\"38a7060\" data-element_type=\"section\" data-e-type=\"section\" data-settings=\"{&quot;background_background&quot;:&quot;classic&quot;}\">\n\t\t\t\t\t\t<div class=\"elementor-container elementor-column-gap-default\">\n\t\t\t\t\t<div class=\"elementor-column elementor-col-100 elementor-top-column elementor-element elementor-element-116e5ee\" data-id=\"116e5ee\" data-element_type=\"column\" data-e-type=\"column\">\n\t\t\t<div class=\"elementor-widget-wrap elementor-element-populated\">\n\t\t\t\t\t\t<div class=\"elementor-element elementor-element-3509023 elementor-widget elementor-widget-heading\" data-id=\"3509023\" data-element_type=\"widget\" data-e-type=\"widget\" data-widget_type=\"heading.default\">\n\t\t\t\t<div class=\"elementor-widget-container\">\n\t\t\t\t\t<h2 class=\"elementor-heading-title elementor-size-default\">Princ\u00edpios<\/h2>\t\t\t\t<\/div>\n\t\t\t\t<\/div>\n\t\t\t\t<div class=\"elementor-element elementor-element-206c6a0 elementor-widget-divider--view-line elementor-widget elementor-widget-divider\" data-id=\"206c6a0\" data-element_type=\"widget\" data-e-type=\"widget\" data-widget_type=\"divider.default\">\n\t\t\t\t<div class=\"elementor-widget-container\">\n\t\t\t\t\t\t\t<div class=\"elementor-divider\">\n\t\t\t<span class=\"elementor-divider-separator\">\n\t\t\t\t\t\t<\/span>\n\t\t<\/div>\n\t\t\t\t\t\t<\/div>\n\t\t\t\t<\/div>\n\t\t\t\t<section class=\"elementor-section elementor-inner-section elementor-element elementor-element-3da0610 elementor-section-boxed elementor-section-height-default elementor-section-height-default\" data-id=\"3da0610\" data-element_type=\"section\" data-e-type=\"section\">\n\t\t\t\t\t\t<div class=\"elementor-container elementor-column-gap-default\">\n\t\t\t\t\t<div class=\"elementor-column elementor-col-50 elementor-inner-column elementor-element elementor-element-62a6c18\" data-id=\"62a6c18\" data-element_type=\"column\" data-e-type=\"column\">\n\t\t\t<div class=\"elementor-widget-wrap elementor-element-populated\">\n\t\t\t\t\t\t<div class=\"elementor-element elementor-element-c40a422 elementor-widget elementor-widget-text-editor\" data-id=\"c40a422\" data-element_type=\"widget\" data-e-type=\"widget\" data-widget_type=\"text-editor.default\">\n\t\t\t\t<div class=\"elementor-widget-container\">\n\t\t\t\t\t\t\t\t\t<p><span style=\"color: #000000;\">No cumprimento de sua miss\u00e3o institucional, a Faculdade Ratio tem como princ\u00edpios norteadores:<\/span><\/p><p><span style=\"color: #000000;\">a) A promo\u00e7\u00e3o da excel\u00eancia acad\u00eamica, nas ci\u00eancias sociais, humanas, sa\u00fade e artes.<\/span><\/p><p><span style=\"color: #000000;\">b) O respeito \u00e0 diversidade intelectual, art\u00edstica, institucional, pol\u00edtica e ambiental.<\/span><\/p><p><span style=\"color: #000000;\">c) A gest\u00e3o democr\u00e1tica e transparente.<\/span><\/p><p><span style=\"color: #000000;\">d) A igualdade de condi\u00e7\u00f5es de acesso e perman\u00eancia.<\/span><\/p><p><span style=\"color: #000000;\">e) A valoriza\u00e7\u00e3o e promo\u00e7\u00e3o do desenvolvimento de pessoas.<\/span><\/p><p><span style=\"color: #000000;\">f) O compromisso com a democracia e a justi\u00e7a social.<\/span><\/p><p><span style=\"color: #000000;\">g) A busca de mecanismos de promo\u00e7\u00e3o da indissociabilidade entre ensino, pesquisa e extens\u00e3o.<\/span><\/p>\t\t\t\t\t\t\t\t<\/div>\n\t\t\t\t<\/div>\n\t\t\t\t\t<\/div>\n\t\t<\/div>\n\t\t\t\t<div class=\"elementor-column elementor-col-50 elementor-inner-column elementor-element elementor-element-843073b\" data-id=\"843073b\" data-element_type=\"column\" data-e-type=\"column\">\n\t\t\t<div class=\"elementor-widget-wrap elementor-element-populated\">\n\t\t\t\t\t\t<div class=\"elementor-element elementor-element-41aaeab elementor-widget elementor-widget-image\" data-id=\"41aaeab\" data-element_type=\"widget\" data-e-type=\"widget\" data-widget_type=\"image.default\">\n\t\t\t\t<div class=\"elementor-widget-container\">\n\t\t\t\t\t\t\t\t\t\t\t\t\t\t\t<img decoding=\"async\" width=\"330\" height=\"463\" src=\"https:\/\/ratio.edu.br\/wp-content\/uploads\/2018\/07\/Man-PNG-Image.png\" class=\"attachment-large size-large wp-image-171\" alt=\"\" srcset=\"https:\/\/ratio.edu.br\/wp-content\/uploads\/2018\/07\/Man-PNG-Image.png 330w, https:\/\/ratio.edu.br\/wp-content\/uploads\/2018\/07\/Man-PNG-Image-214x300.png 214w, https:\/\/ratio.edu.br\/wp-content\/uploads\/2018\/07\/Man-PNG-Image-104x146.png 104w, https:\/\/ratio.edu.br\/wp-content\/uploads\/2018\/07\/Man-PNG-Image-36x50.png 36w, https:\/\/ratio.edu.br\/wp-content\/uploads\/2018\/07\/Man-PNG-Image-53x75.png 53w\" sizes=\"(max-width: 330px) 100vw, 330px\" \/>\t\t\t\t\t\t\t\t\t\t\t\t\t\t\t<\/div>\n\t\t\t\t<\/div>\n\t\t\t\t\t<\/div>\n\t\t<\/div>\n\t\t\t\t\t<\/div>\n\t\t<\/section>\n\t\t\t\t\t<\/div>\n\t\t<\/div>\n\t\t\t\t\t<\/div>\n\t\t<\/section>\n\t\t\t\t<section class=\"elementor-section elementor-top-section elementor-element elementor-element-3dff2d8 elementor-section-boxed elementor-section-height-default elementor-section-height-default\" data-id=\"3dff2d8\" data-element_type=\"section\" data-e-type=\"section\">\n\t\t\t\t\t\t<div class=\"elementor-container elementor-column-gap-default\">\n\t\t\t\t\t<div class=\"elementor-column elementor-col-100 elementor-top-column elementor-element elementor-element-8087978\" data-id=\"8087978\" data-element_type=\"column\" data-e-type=\"column\">\n\t\t\t<div class=\"elementor-widget-wrap elementor-element-populated\">\n\t\t\t\t\t\t<div class=\"elementor-element elementor-element-c37ab2f elementor-widget elementor-widget-heading\" data-id=\"c37ab2f\" data-element_type=\"widget\" data-e-type=\"widget\" data-widget_type=\"heading.default\">\n\t\t\t\t<div class=\"elementor-widget-container\">\n\t\t\t\t\t<h2 class=\"elementor-heading-title elementor-size-default\">Pol\u00edtica de Pesquisa e Extens\u00e3o<\/h2>\t\t\t\t<\/div>\n\t\t\t\t<\/div>\n\t\t\t\t<div class=\"elementor-element elementor-element-e63e7b4 elementor-widget-divider--view-line elementor-widget elementor-widget-divider\" data-id=\"e63e7b4\" data-element_type=\"widget\" data-e-type=\"widget\" data-widget_type=\"divider.default\">\n\t\t\t\t<div class=\"elementor-widget-container\">\n\t\t\t\t\t\t\t<div class=\"elementor-divider\">\n\t\t\t<span class=\"elementor-divider-separator\">\n\t\t\t\t\t\t<\/span>\n\t\t<\/div>\n\t\t\t\t\t\t<\/div>\n\t\t\t\t<\/div>\n\t\t\t\t<section class=\"elementor-section elementor-inner-section elementor-element elementor-element-45ab36c elementor-section-boxed elementor-section-height-default elementor-section-height-default\" data-id=\"45ab36c\" data-element_type=\"section\" data-e-type=\"section\">\n\t\t\t\t\t\t<div class=\"elementor-container elementor-column-gap-default\">\n\t\t\t\t\t<div class=\"elementor-column elementor-col-50 elementor-inner-column elementor-element elementor-element-14b5d85\" data-id=\"14b5d85\" data-element_type=\"column\" data-e-type=\"column\">\n\t\t\t<div class=\"elementor-widget-wrap elementor-element-populated\">\n\t\t\t\t\t\t<div class=\"elementor-element elementor-element-aaed44b elementor-widget elementor-widget-image\" data-id=\"aaed44b\" data-element_type=\"widget\" data-e-type=\"widget\" data-widget_type=\"image.default\">\n\t\t\t\t<div class=\"elementor-widget-container\">\n\t\t\t\t\t\t\t\t\t\t\t\t\t\t\t<img loading=\"lazy\" decoding=\"async\" width=\"780\" height=\"780\" src=\"https:\/\/ratio.edu.br\/wp-content\/uploads\/2018\/06\/home_company3_pic9.jpg\" class=\"attachment-large size-large wp-image-46\" alt=\"\" srcset=\"https:\/\/ratio.edu.br\/wp-content\/uploads\/2018\/06\/home_company3_pic9.jpg 780w, https:\/\/ratio.edu.br\/wp-content\/uploads\/2018\/06\/home_company3_pic9-150x150.jpg 150w, https:\/\/ratio.edu.br\/wp-content\/uploads\/2018\/06\/home_company3_pic9-300x300.jpg 300w, https:\/\/ratio.edu.br\/wp-content\/uploads\/2018\/06\/home_company3_pic9-768x768.jpg 768w, https:\/\/ratio.edu.br\/wp-content\/uploads\/2018\/06\/home_company3_pic9-146x146.jpg 146w, https:\/\/ratio.edu.br\/wp-content\/uploads\/2018\/06\/home_company3_pic9-50x50.jpg 50w, https:\/\/ratio.edu.br\/wp-content\/uploads\/2018\/06\/home_company3_pic9-75x75.jpg 75w, https:\/\/ratio.edu.br\/wp-content\/uploads\/2018\/06\/home_company3_pic9-85x85.jpg 85w, https:\/\/ratio.edu.br\/wp-content\/uploads\/2018\/06\/home_company3_pic9-80x80.jpg 80w\" sizes=\"(max-width: 780px) 100vw, 780px\" \/>\t\t\t\t\t\t\t\t\t\t\t\t\t\t\t<\/div>\n\t\t\t\t<\/div>\n\t\t\t\t\t<\/div>\n\t\t<\/div>\n\t\t\t\t<div class=\"elementor-column elementor-col-50 elementor-inner-column elementor-element elementor-element-da8c7cf\" data-id=\"da8c7cf\" data-element_type=\"column\" data-e-type=\"column\">\n\t\t\t<div class=\"elementor-widget-wrap elementor-element-populated\">\n\t\t\t\t\t\t<div class=\"elementor-element elementor-element-e5e3e2f elementor-widget elementor-widget-text-editor\" data-id=\"e5e3e2f\" data-element_type=\"widget\" data-e-type=\"widget\" data-widget_type=\"text-editor.default\">\n\t\t\t\t<div class=\"elementor-widget-container\">\n\t\t\t\t\t\t\t\t\t<p><span style=\"color: #000000;\">A vida acad\u00eamica se ampara tradicionalmente no trip\u00e9 ensino, pesquisa e extens\u00e3o. Cada uma dessas atividades corrobora consideravelmente para a forma\u00e7\u00e3o do indiv\u00edduo como um todo, deixando evidenciado a fragilidade de atua\u00e7\u00e3o do profissional quando este tem seu processo formador negligenciado por um desses elementos.<\/span><\/p><p><span style=\"color: #000000;\">A pr\u00e1tica da pesquisa garante a gera\u00e7\u00e3o de conhecimento tendo em vista seu car\u00e1ter social na busca de resolu\u00e7\u00e3o dos problemas e no compromisso com a melhoria de vida das popula\u00e7\u00f5es em geral. A pr\u00e1tica da pesquisa \u00e9 estimulada desde o primeiro semestre na faculdade Ratio, professores e alunos, na mesma medida, s\u00e3o convidados a assumir uma postura investigativa, questionadora e audaciosa quanto a novas descobertas e reflex\u00f5es.<\/span><\/p><p><span style=\"color: #000000;\">Nosso ideal de pesquisa se manifesta, a princ\u00edpio, na sondagem de habilidades e potenciais que possam ser aprimorados e profissionalizados na institui\u00e7\u00e3o, contando com o apoio de um departamento espec\u00edfico, de metodologia, o qual apoia, identifica, direciona grupos e ministra capacita\u00e7\u00e3o inicial e continuada sobre instrumentos de pesquisa, tipos, t\u00e9cnicas e posturas investigativas a serem assumidas.<\/span><\/p>\t\t\t\t\t\t\t\t<\/div>\n\t\t\t\t<\/div>\n\t\t\t\t\t<\/div>\n\t\t<\/div>\n\t\t\t\t\t<\/div>\n\t\t<\/section>\n\t\t\t\t\t<\/div>\n\t\t<\/div>\n\t\t\t\t\t<\/div>\n\t\t<\/section>\n\t\t\t\t<section class=\"elementor-section elementor-top-section elementor-element elementor-element-cba2491 elementor-section-stretched elementor-section-boxed elementor-section-height-default elementor-section-height-default\" data-id=\"cba2491\" data-element_type=\"section\" data-e-type=\"section\" data-settings=\"{&quot;stretch_section&quot;:&quot;section-stretched&quot;,&quot;background_background&quot;:&quot;classic&quot;}\">\n\t\t\t\t\t\t<div class=\"elementor-container elementor-column-gap-default\">\n\t\t\t\t\t<div class=\"elementor-column elementor-col-100 elementor-top-column elementor-element elementor-element-fc80e38\" data-id=\"fc80e38\" data-element_type=\"column\" data-e-type=\"column\">\n\t\t\t<div class=\"elementor-widget-wrap elementor-element-populated\">\n\t\t\t\t\t\t<div class=\"elementor-element elementor-element-9343314 elementor-widget elementor-widget-heading\" data-id=\"9343314\" data-element_type=\"widget\" data-e-type=\"widget\" data-widget_type=\"heading.default\">\n\t\t\t\t<div class=\"elementor-widget-container\">\n\t\t\t\t\t<h2 class=\"elementor-heading-title elementor-size-default\">NOSSA LOCALIZA\u00c7\u00c3O<\/h2>\t\t\t\t<\/div>\n\t\t\t\t<\/div>\n\t\t\t\t<div class=\"elementor-element elementor-element-34aa32b elementor-widget-divider--view-line elementor-widget elementor-widget-divider\" data-id=\"34aa32b\" data-element_type=\"widget\" data-e-type=\"widget\" data-widget_type=\"divider.default\">\n\t\t\t\t<div class=\"elementor-widget-container\">\n\t\t\t\t\t\t\t<div class=\"elementor-divider\">\n\t\t\t<span class=\"elementor-divider-separator\">\n\t\t\t\t\t\t<\/span>\n\t\t<\/div>\n\t\t\t\t\t\t<\/div>\n\t\t\t\t<\/div>\n\t\t\t\t<div class=\"elementor-element elementor-element-9bd0807 elementor-widget elementor-widget-heading\" data-id=\"9bd0807\" data-element_type=\"widget\" data-e-type=\"widget\" data-widget_type=\"heading.default\">\n\t\t\t\t<div class=\"elementor-widget-container\">\n\t\t\t\t\t<h2 class=\"elementor-heading-title elementor-size-default\">Av. Rogaciano Leite, 340 - Patriolino Ribeiro, Fortaleza-CE<\/h2>\t\t\t\t<\/div>\n\t\t\t\t<\/div>\n\t\t\t\t<div class=\"elementor-element elementor-element-4295a7d elementor-widget elementor-widget-html\" data-id=\"4295a7d\" data-element_type=\"widget\" data-e-type=\"widget\" data-widget_type=\"html.default\">\n\t\t\t\t<div class=\"elementor-widget-container\">\n\t\t\t\t\t<iframe src=\"https:\/\/www.google.com\/maps\/embed?pb=!1m18!1m12!1m3!1d7962.452462428224!2d-38.497567065112335!3d-3.7608708999999934!2m3!1f0!2f0!3f0!3m2!1i1024!2i768!4f13.1!3m3!1m2!1s0x7c748af8153cc8b%3A0x86983b84d31cc19!2sFaculdade%20Ratio!5e0!3m2!1spt-BR!2sbr!4v1605221182864!5m2!1spt-BR!2sbr\" width=\"600\" height=\"350\" frameborder=\"0\" style=\"border:0;\" allowfullscreen=\"\" aria-hidden=\"false\" tabindex=\"0\"><\/iframe>\t\t\t\t<\/div>\n\t\t\t\t<\/div>\n\t\t\t\t\t<\/div>\n\t\t<\/div>\n\t\t\t\t\t<\/div>\n\t\t<\/section>\n\t\t\t\t<\/div>\n\t\t","protected":false},"excerpt":{"rendered":"<p>Sobre N\u00f3s Miss\u00e3o A miss\u00e3o da Faculdade Ratio consiste em promover a educa\u00e7\u00e3o integral de profissionais capacitados, felizes, criativos, \u00e9ticos com esp\u00edrito cr\u00edtico, comprometidos com o autoconhecimento, o desenvolvimento social, cultural, pol\u00edtico e econ\u00f4mico do Cear\u00e1, do Nordeste e do Brasil, com compet\u00eancia para formular, sistematizar e disseminar conhecimentos nos diversos campos do saber, atrav\u00e9s [&hellip;]<\/p>\n","protected":false},"author":7,"featured_media":0,"parent":0,"menu_order":0,"comment_status":"closed","ping_status":"closed","template":"elementor_header_footer","meta":{"footnotes":""},"class_list":["post-937","page","type-page","status-publish","hentry"],"_links":{"self":[{"href":"https:\/\/ratio.edu.br\/index.php?rest_route=\/wp\/v2\/pages\/937","targetHints":{"allow":["GET"]}}],"collection":[{"href":"https:\/\/ratio.edu.br\/index.php?rest_route=\/wp\/v2\/pages"}],"about":[{"href":"https:\/\/ratio.edu.br\/index.php?rest_route=\/wp\/v2\/types\/page"}],"author":[{"embeddable":true,"href":"https:\/\/ratio.edu.br\/index.php?rest_route=\/wp\/v2\/users\/7"}],"replies":[{"embeddable":true,"href":"https:\/\/ratio.edu.br\/index.php?rest_route=%2Fwp%2Fv2%2Fcomments&post=937"}],"version-history":[{"count":22,"href":"https:\/\/ratio.edu.br\/index.php?rest_route=\/wp\/v2\/pages\/937\/revisions"}],"predecessor-version":[{"id":2028,"href":"https:\/\/ratio.edu.br\/index.php?rest_route=\/wp\/v2\/pages\/937\/revisions\/2028"}],"wp:attachment":[{"href":"https:\/\/ratio.edu.br\/index.php?rest_route=%2Fwp%2Fv2%2Fmedia&parent=937"}],"curies":[{"name":"wp","href":"https:\/\/api.w.org\/{rel}","templated":true}]}}